{"id":542,"date":"2026-01-26T13:10:25","date_gmt":"2026-01-26T12:10:25","guid":{"rendered":"https:\/\/helsesikkerhetsdagen.no\/2026\/?post_type=speaker&#038;p=542"},"modified":"2026-03-10T15:17:08","modified_gmt":"2026-03-10T14:17:08","slug":"cathrine-vange-singstad","status":"publish","type":"speaker","link":"https:\/\/helsesikkerhetsdagen.no\/2026\/speaker\/cathrine-vange-singstad\/","title":{"rendered":"Cathrine V\u00e5nge Singstad"},"content":{"rendered":"\n<p>Cathrine V\u00e5nge Singstad er partner og med-gr\u00fcnder i Otte, med ansvar for digital sikkerhet og personvern. Hun har mange \u00e5rs erfaring som fagr\u00e5dgiver og prosjektleder innen digital sikkerhet, personvern og teknologi. Hun er forvaltningsinformatiker, og har hatt rollene CISO og personvernombud i b\u00e5de offentlig og privat sektor.<\/p>\n\n\n\n<p>P\u00e5 Helsesikkerhetsdagen:<br><br><strong>Digital sikkerhet: beredskap og kontinuitet<\/strong><br>Hva b\u00f8r vi fokusere p\u00e5 her og n\u00e5 i 2026 for \u00e5 h\u00e5ndtere v\u00e5re behov i dagens trussellandskap? Hvordan jobber vi med digital sikkerhet og beredskap s\u00e5 det gir verdi her og n\u00e5, og p\u00e5 sikt.<br><\/p>\n","protected":false},"excerpt":{"rendered":"<p>Cathrine V\u00e5nge Singstad er partner og med-gr\u00fcnder i Otte, med ansvar for digital sikkerhet og personvern. Hun har mange \u00e5rs erfaring som fagr\u00e5dgiver og prosjektleder innen digital sikkerhet, personvern og teknologi. Hun er forvaltningsinformatiker, og har hatt rollene CISO og personvernombud i b\u00e5de offentlig og privat sektor. P\u00e5 Helsesikkerhetsdagen: Digital sikkerhet: beredskap og kontinuitetHva b\u00f8r&hellip;<\/p>\n","protected":false},"featured_media":543,"menu_order":0,"template":"","class_list":["post-542","speaker","type-speaker","status-publish","has-post-thumbnail","hentry"],"acf":[],"_links":{"self":[{"href":"https:\/\/helsesikkerhetsdagen.no\/2026\/wp-json\/wp\/v2\/speaker\/542","targetHints":{"allow":["GET"]}}],"collection":[{"href":"https:\/\/helsesikkerhetsdagen.no\/2026\/wp-json\/wp\/v2\/speaker"}],"about":[{"href":"https:\/\/helsesikkerhetsdagen.no\/2026\/wp-json\/wp\/v2\/types\/speaker"}],"wp:featuredmedia":[{"embeddable":true,"href":"https:\/\/helsesikkerhetsdagen.no\/2026\/wp-json\/wp\/v2\/media\/543"}],"wp:attachment":[{"href":"https:\/\/helsesikkerhetsdagen.no\/2026\/wp-json\/wp\/v2\/media?parent=542"}],"curies":[{"name":"wp","href":"https:\/\/api.w.org\/{rel}","templated":true}]}}