{"id":260,"date":"2023-03-06T18:33:30","date_gmt":"2023-03-06T17:33:30","guid":{"rendered":"https:\/\/helsesikkerhetsdagen.no\/2023\/?page_id=260"},"modified":"2023-06-06T13:47:04","modified_gmt":"2023-06-06T11:47:04","slug":"hjem","status":"publish","type":"page","link":"https:\/\/helsesikkerhetsdagen.no\/2023\/","title":{"rendered":"Hjem"},"content":{"rendered":"\n\n\t<h3>\n\t\t\t\tSikring av data og systemer som skaper tillit\n\t\t\t<\/h3>\n\t\t\t<p>Tid: 31. mai 2023\u00a0 \u00a0 |\u00a0 \u00a0 Sted: Quality Airport Hotel Gardermoen (Rakne-salen)<\/p>\t\n<h3>\n\t\tTusen takk for en fantastisk konferanse &#8211; Husk at alle sesjoner er tilgjengelig digitalt\n\t<\/h3>\n\tOpptak og presentasjoner finner du i Tappin, den digitale plattformen til konferansen: <a href=\"https:\/\/helsesikkerhetsdagen2023.tappin.live\/\" target=\"_blank\" rel=\"noopener\">helsesikkerhetsdagen2023.tappin.live<\/a><br \/>\nHvis du har en digital eller fysisk billett finner du innloggingen p\u00e5 mail ved \u00e5 s\u00f8ke &laquo;Tilgang til Helsesikkerhetsdagen&raquo;, eller trykke &laquo;Foresp\u00f8r nytt passord&raquo; p\u00e5 lenken. Har du ikke billett kan du kj\u00f8pe tilgang via billettsiden.\n\t\t\t<a href=\"https:\/\/helsesikkerhetsdagen.no\/2023\/program\/\" target=\"_self\" role=\"button\" rel=\"noopener\">\n\t\t\t\t\t\tProgram\n\t\t\t\t\t<\/a>\n\t\t\t<a href=\"https:\/\/helsesikkerhetsdagen.no\/2023\/billetter\/\" target=\"_self\" role=\"button\" rel=\"noopener\">\n\t\t\t\t\t\tKj\u00f8p billetter her\n\t\t\t\t\t<\/a>\n\t\t\t<a href=\"https:\/\/helsesikkerhetsdagen.no\/2023\/speakere\/\" target=\"_self\" role=\"button\" rel=\"noopener\">\n\t\t\t\t\t\tSpeakere\n\t\t\t\t\t<\/a>\n<h3>\n\t\tHelsesikkerhetsdagen presenterer et bredt spekter av l\u00f8sninger for fremtiden i samarbeid med offentlige og private akt\u00f8rer, plassert i EHiNs rammer for balansert innhold.\n\t<\/h3>\n<h1>\n\t\tM\u00f8t \u00e5rets speakere:\n\t<\/h1>\n\t\t\t<a href=\"https:\/\/helsesikkerhetsdagen.no\/2023\/speakere\/\" target=\"_self\" role=\"button\" rel=\"noopener\">\n\t\t\t\t\t\t\tSe alle speakere\n\t\t\t\t\t<\/a>\n\t\t<a href=\"https:\/\/helsesikkerhetsdagen.no\/2023\/speaker\/inge-kampenes\/\" target=\"_self\" rel=\"noopener\"><\/a>\t\t\n\t\t\t\t\t\t\t\t\t\t\t\t\t\t<a href=\"https:\/\/helsesikkerhetsdagen.no\/2023\/speaker\/inge-kampenes\/\" target=\"_self\" title=\"Inge Kampenes\" rel=\"noopener\">\n\t\t\t\t<img decoding=\"async\" src=\"https:\/\/helsesikkerhetsdagen.no\/2023\/wp-content\/uploads\/sites\/2\/2023\/03\/Inge-Kampenes-2048x2048-1-1024x1024.jpg\" alt=\"\" \/>\n\t\t\t\t<\/a>\n\t\t\t\t\t\t<h3>\n\t\t\t\t<a href=https:\/\/helsesikkerhetsdagen.no\/2023\/speaker\/inge-kampenes\/ title=\"Inge Kampenes\" tabindex=\"0\">Inge Kampenes<\/a>\t\t\t<\/h3>\n\t\t\t\t\t\t\t\tInge Kampenes er spesialr\u00e5dgiver i Advansia. Han er tidligere generalmajor og sjef for Cyberforsvaret &#8230;\n\t\t<a href=\"https:\/\/helsesikkerhetsdagen.no\/2023\/speaker\/trygve-skarning\/\" target=\"_self\" rel=\"noopener\"><\/a>\t\t\n\t\t\t\t\t\t\t\t\t\t\t\t\t\t<a href=\"https:\/\/helsesikkerhetsdagen.no\/2023\/speaker\/trygve-skarning\/\" target=\"_self\" title=\"Trygve Skarning\" rel=\"noopener\">\n\t\t\t\t<img decoding=\"async\" src=\"https:\/\/helsesikkerhetsdagen.no\/2023\/wp-content\/uploads\/sites\/2\/2023\/03\/Trygve-Skarning.jpg\" alt=\"\" \/>\n\t\t\t\t<\/a>\n\t\t\t\t\t\t<h3>\n\t\t\t\t<a href=https:\/\/helsesikkerhetsdagen.no\/2023\/speaker\/trygve-skarning\/ title=\"Trygve Skarning\" tabindex=\"0\">Trygve Skarning<\/a>\t\t\t<\/h3>\n\t\t\t\t\t\t\t\tTrygve Skarning er seniorr\u00e5dgiver informasjonssikkerhet hos Sykehuspartner HF.\n\t\t<a href=\"https:\/\/helsesikkerhetsdagen.no\/2023\/speaker\/bjorn-astad\/\" target=\"_self\" rel=\"noopener\"><\/a>\t\t\n\t\t\t\t\t\t\t\t\t\t\t\t\t\t<a href=\"https:\/\/helsesikkerhetsdagen.no\/2023\/speaker\/bjorn-astad\/\" target=\"_self\" title=\"Bj\u00f8rn Astad\" rel=\"noopener\">\n\t\t\t\t<img decoding=\"async\" src=\"https:\/\/helsesikkerhetsdagen.no\/2023\/wp-content\/uploads\/sites\/2\/2023\/03\/Bjorn-Astad.jpg\" alt=\"\" \/>\n\t\t\t\t<\/a>\n\t\t\t\t\t\t<h3>\n\t\t\t\t<a href=https:\/\/helsesikkerhetsdagen.no\/2023\/speaker\/bjorn-astad\/ title=\"Bj\u00f8rn Astad\" tabindex=\"0\">Bj\u00f8rn Astad<\/a>\t\t\t<\/h3>\n\t\t\t\t\t\t\t\tBj\u00f8rn Astad er spesialr\u00e5dgiver i Administrasjonsavdelingen, seksjon for internasjonalt samarbeid og beredskap, Helse- og &#8230;\n\t\t<a href=\"https:\/\/helsesikkerhetsdagen.no\/2023\/speaker\/jan-gunnar-broch\/\" target=\"_self\" rel=\"noopener\"><\/a>\t\t\n\t\t\t\t\t\t\t\t\t\t\t\t\t\t<a href=\"https:\/\/helsesikkerhetsdagen.no\/2023\/speaker\/jan-gunnar-broch\/\" target=\"_self\" title=\"Jan Gunnar Broch\" rel=\"noopener\">\n\t\t\t\t<img decoding=\"async\" src=\"https:\/\/helsesikkerhetsdagen.no\/2023\/wp-content\/uploads\/sites\/2\/2023\/04\/Jan-Gunnar-Broch-e1681464032802.jpg\" alt=\"\" \/>\n\t\t\t\t<\/a>\n\t\t\t\t\t\t<h3>\n\t\t\t\t<a href=https:\/\/helsesikkerhetsdagen.no\/2023\/speaker\/jan-gunnar-broch\/ title=\"Jan Gunnar Broch\" tabindex=\"0\">Jan Gunnar Broch<\/a>\t\t\t<\/h3>\n\t\t\t\t\t\t\t\tJan Gunnar Broch leder seksjon informasjonssikkerhet i Direktoratet for e-helse, og har ledet prosjektet &#8230;\n\t\t<a href=\"https:\/\/helsesikkerhetsdagen.no\/2023\/speaker\/aasta-hetland\/\" target=\"_self\" rel=\"noopener\"><\/a>\t\t\n\t\t\t\t\t\t\t\t\t\t\t\t\t\t<a href=\"https:\/\/helsesikkerhetsdagen.no\/2023\/speaker\/aasta-hetland\/\" target=\"_self\" title=\"Aasta Hetland\" rel=\"noopener\">\n\t\t\t\t<img decoding=\"async\" src=\"https:\/\/helsesikkerhetsdagen.no\/2023\/wp-content\/uploads\/sites\/2\/2023\/04\/Aasta-Hetland-e1681464086214.jpeg\" alt=\"\" \/>\n\t\t\t\t<\/a>\n\t\t\t\t\t\t<h3>\n\t\t\t\t<a href=https:\/\/helsesikkerhetsdagen.no\/2023\/speaker\/aasta-hetland\/ title=\"Aasta Hetland\" tabindex=\"0\">Aasta Hetland<\/a>\t\t\t<\/h3>\n\t\t\t\t\t\t\t\tAasta Margrethe Hetland er seniorr\u00e5dgiver og jurist i Direktoratet for e-helse og leder for &#8230;\n\t\t<a href=\"https:\/\/helsesikkerhetsdagen.no\/2023\/speaker\/dinh-uy-tran\/\" target=\"_self\" rel=\"noopener\"><\/a>\t\t\n\t\t\t\t\t\t\t\t\t\t\t\t\t\t<a href=\"https:\/\/helsesikkerhetsdagen.no\/2023\/speaker\/dinh-uy-tran\/\" target=\"_self\" title=\"Dinh Uy Tran\" rel=\"noopener\">\n\t\t\t\t<img decoding=\"async\" src=\"https:\/\/helsesikkerhetsdagen.no\/2023\/wp-content\/uploads\/sites\/2\/2023\/04\/Dinh-Uy-Tran-e1682412702507.jpg\" alt=\"\" \/>\n\t\t\t\t<\/a>\n\t\t\t\t\t\t<h3>\n\t\t\t\t<a href=https:\/\/helsesikkerhetsdagen.no\/2023\/speaker\/dinh-uy-tran\/ title=\"Dinh Uy Tran\" tabindex=\"0\">Dinh Uy Tran<\/a>\t\t\t<\/h3>\n\t\t\t\t\t\t\t\tDinh Uy Tran er spesialr\u00e5dgiver hos Sykehuspartner og Ph.D-kandidat ved Institutt for Informatikk ved &#8230;\n\t\t\t\t<img loading=\"lazy\" decoding=\"async\" src=\"https:\/\/helsesikkerhetsdagen.no\/2023\/wp-content\/uploads\/sites\/2\/2023\/04\/Informasjonssikkerhetsledelse-av-Dinh-Uy-Tran-m-forfatter-1.jpg\" alt=\"Informasjonssikkerhetsledelse av Dinh Uy Tran m forfatter\" itemprop=\"image\" height=\"462\" width=\"778\" title=\"Informasjonssikkerhetsledelse av Dinh Uy Tran m forfatter\" onerror=\"this.style.display='none'\"  \/>\n<h3>\n\t\tBokpresentasjon: Informasjonssikkerhetsledelse: En holistisk tiln\u00e6rming\n\t<\/h3>\n\t<p>M\u00f8t forfatteren bak \u00abInformasjonssikkerhetsledelse &#8211; En holistisk tiln\u00e6rming\u00bb, utgitt 14. april 2023 av Cappelen Damm Akademisk, Dinh Uy Tran p\u00e5 Helsesikkerhetsdagen.<\/p>\n<p>I boken f\u00e5r leseren en bred og holistisk tiln\u00e6rming til fagomr\u00e5det informasjonssikkerhetsledelse, med fokus p\u00e5 betydningen av b\u00e5de personlig utvikling, kunnskap innen ledelsesfag og god kommunikasjon.<\/p>\n<p><a href=\"https:\/\/cappelendamm.no\/_informasjonssikkerhetsledelse-dinh-uy-tran-9788202754648\">Mer om boken<\/a><\/p>\n<h2>\n\t\tHelsesikkerhet er aktuelt som aldri f\u00f8r\n\t<\/h2>\n\t<p>V\u00e5re helsedata er viktige for oss &#8211; de skal h\u00e5ndteres med omhu og ligge i trygge systemer. Vi ser en helsesektor som i stadig st\u00f8rre grad tar i bruk ulike systemer, nye innovasjoner, mer fleksible pasientjournaler, mer medisinsk-teknisk og mer hjemmeoppf\u00f8lging. Det skaper en helsesektor som er avhengig av \u00e5 ha tilgang til systemene for \u00e5 kunne yte tjenester, samtidig som vi ser et trusselbilde i utvikling.<\/p>\n<p>Et st\u00f8rre nettverk av ulike l\u00f8sninger og dingser, samt mer mobilitet og kobling av ulike tjenester til hverandre gj\u00f8r at systemene blir mer s\u00e5rbare, og \u00e5pner for flere angrepsflater. Samtidig ser vi en utfordrende internasjonal situasjon der krig og konflikter i \u00f8kende grad kjempes med digitale midler. Med det blir v\u00e5re helsedata utsatt for reelt st\u00f8rre trusler. Sikkerhet i helse anses alt for ofte som et teknisk problem. Men det handler om de mest sentrale verdiene i de nordiske landene &#8211; likeverd, tillit, tilgjengelighet, trygghet og respekt for alle innbyggere. Setter vi dem p\u00e5 spill, ja, da setter vi selve fundamentet i v\u00e5rt samfunn p\u00e5 spill.<\/p>\n<p>Helsesikkerhetsdagen handler om de strategiske valgene vi m\u00e5 ta &#8211; som Norge, som helsesektor, som innbyggere. Hvordan skal vi bruke helsedataene v\u00e5re og hvordan skal vi beskytte dem? Her handler det om innsikt i teknologi, innsikt i data, og innsikt i b\u00e5de det juridiske og det etiske.<\/p>\n\t\t\t\t<img loading=\"lazy\" decoding=\"async\" src=\"https:\/\/helsesikkerhetsdagen.no\/2023\/wp-content\/uploads\/sites\/2\/2023\/03\/iot-technology-2.jpg\" alt=\"iot-technology 2\" itemprop=\"image\" height=\"1440\" width=\"960\" title=\"iot-technology 2\" onerror=\"this.style.display='none'\"  \/>\n<h1>\n\t\t\u00c5rets partnere\n\t<\/h1>\n\t\t\t<a href=\"https:\/\/helsesikkerhetsdagen.no\/2023\/bli-partner\/\" target=\"_self\" role=\"button\" rel=\"noopener\">\n\t\t\t\t\t\t\tVil du bli partner?\n\t\t\t\t\t<\/a>\n\t\t<a href=\"https:\/\/helsesikkerhetsdagen.no\/2023\/2023\/03\/07\/sykehuspartner\/\" target=\"_self\" rel=\"noopener\"><\/a>\t\t\n\t<meta itemscope itemprop=\"mainEntityOfPage\" itemtype=\"https:\/\/schema.org\/WebPage\" itemid=\"https:\/\/helsesikkerhetsdagen.no\/2023\/2023\/03\/07\/sykehuspartner\/\" content=\"Sykehuspartner\" \/><meta itemprop=\"datePublished\" content=\"2023-03-07\" \/><meta itemprop=\"dateModified\" content=\"2023-03-07\" \/><meta itemprop=\"name\" content=\"Helsesikkerhetsdagen 2023\"\/><meta itemprop=\"url\" content=\"https:\/\/helsesikkerhetsdagen.no\/2023\/author\/christian\/\" \/><meta itemprop=\"name\" content=\"Christian Andersen\" \/><meta itemprop=\"url\" content=\"https:\/\/helsesikkerhetsdagen.no\/2023\/wp-content\/uploads\/sites\/2\/2023\/03\/Sykehuspartner.jpg\" \/><meta itemprop=\"width\" content=\"1920\" \/><meta itemprop=\"height\" content=\"1080\" \/><meta itemprop=\"interactionType\" content=\"https:\/\/schema.org\/CommentAction\" \/><meta itemprop=\"userInteractionCount\" content=\"0\" \/>\n    \t\t\t\t\t\t<a href='https:\/\/helsesikkerhetsdagen.no\/2023\/2023\/03\/07\/sykehuspartner\/' title='Sykehuspartner'><img width=\"1024\" height=\"576\" src=\"https:\/\/helsesikkerhetsdagen.no\/2023\/wp-content\/uploads\/sites\/2\/2023\/03\/Sykehuspartner-1024x576.jpg\" alt=\"\" decoding=\"async\" loading=\"lazy\" itemprop=\"image\" srcset=\"https:\/\/helsesikkerhetsdagen.no\/2023\/wp-content\/uploads\/sites\/2\/2023\/03\/Sykehuspartner-1024x576.jpg 1024w, https:\/\/helsesikkerhetsdagen.no\/2023\/wp-content\/uploads\/sites\/2\/2023\/03\/Sykehuspartner-300x169.jpg 300w, https:\/\/helsesikkerhetsdagen.no\/2023\/wp-content\/uploads\/sites\/2\/2023\/03\/Sykehuspartner-768x432.jpg 768w, https:\/\/helsesikkerhetsdagen.no\/2023\/wp-content\/uploads\/sites\/2\/2023\/03\/Sykehuspartner-1536x864.jpg 1536w, https:\/\/helsesikkerhetsdagen.no\/2023\/wp-content\/uploads\/sites\/2\/2023\/03\/Sykehuspartner.jpg 1920w\" sizes=\"auto, (max-width: 1024px) 100vw, 1024px\" \/><\/a>\n\t\t<a href=\"https:\/\/helsesikkerhetsdagen.no\/2023\/2023\/03\/07\/palo-alto\/\" target=\"_self\" rel=\"noopener\"><\/a>\t\t\n\t<meta itemscope itemprop=\"mainEntityOfPage\" itemtype=\"https:\/\/schema.org\/WebPage\" itemid=\"https:\/\/helsesikkerhetsdagen.no\/2023\/2023\/03\/07\/palo-alto\/\" content=\"Palo Alto\" \/><meta itemprop=\"datePublished\" content=\"2023-03-07\" \/><meta itemprop=\"dateModified\" content=\"2023-03-07\" \/><meta itemprop=\"name\" content=\"Helsesikkerhetsdagen 2023\"\/><meta itemprop=\"url\" content=\"https:\/\/helsesikkerhetsdagen.no\/2023\/author\/christian\/\" \/><meta itemprop=\"name\" content=\"Christian Andersen\" \/><meta itemprop=\"url\" content=\"https:\/\/helsesikkerhetsdagen.no\/2023\/wp-content\/uploads\/sites\/2\/2023\/03\/Palo-Alto-Networks.jpg\" \/><meta itemprop=\"width\" content=\"1921\" \/><meta itemprop=\"height\" content=\"1081\" \/><meta itemprop=\"interactionType\" content=\"https:\/\/schema.org\/CommentAction\" \/><meta itemprop=\"userInteractionCount\" content=\"0\" \/>\n    \t\t\t\t\t\t<a href='https:\/\/helsesikkerhetsdagen.no\/2023\/2023\/03\/07\/palo-alto\/' title='Palo Alto'><img width=\"1024\" height=\"576\" src=\"https:\/\/helsesikkerhetsdagen.no\/2023\/wp-content\/uploads\/sites\/2\/2023\/03\/Palo-Alto-Networks-1024x576.jpg\" alt=\"\" decoding=\"async\" loading=\"lazy\" itemprop=\"image\" srcset=\"https:\/\/helsesikkerhetsdagen.no\/2023\/wp-content\/uploads\/sites\/2\/2023\/03\/Palo-Alto-Networks-1024x576.jpg 1024w, https:\/\/helsesikkerhetsdagen.no\/2023\/wp-content\/uploads\/sites\/2\/2023\/03\/Palo-Alto-Networks-300x169.jpg 300w, https:\/\/helsesikkerhetsdagen.no\/2023\/wp-content\/uploads\/sites\/2\/2023\/03\/Palo-Alto-Networks-768x432.jpg 768w, https:\/\/helsesikkerhetsdagen.no\/2023\/wp-content\/uploads\/sites\/2\/2023\/03\/Palo-Alto-Networks-1536x864.jpg 1536w, https:\/\/helsesikkerhetsdagen.no\/2023\/wp-content\/uploads\/sites\/2\/2023\/03\/Palo-Alto-Networks.jpg 1921w\" sizes=\"auto, (max-width: 1024px) 100vw, 1024px\" \/><\/a>\n\t\t<a href=\"https:\/\/helsesikkerhetsdagen.no\/2023\/2023\/05\/19\/vmware\/\" target=\"_self\" rel=\"noopener\"><\/a>\t\t\n\t<meta itemscope itemprop=\"mainEntityOfPage\" itemtype=\"https:\/\/schema.org\/WebPage\" itemid=\"https:\/\/helsesikkerhetsdagen.no\/2023\/2023\/05\/19\/vmware\/\" content=\"VMWare\" \/><meta itemprop=\"datePublished\" content=\"2023-05-19\" \/><meta itemprop=\"dateModified\" content=\"2023-05-19\" \/><meta itemprop=\"name\" content=\"Helsesikkerhetsdagen 2023\"\/><meta itemprop=\"url\" content=\"https:\/\/helsesikkerhetsdagen.no\/2023\/author\/christian\/\" \/><meta itemprop=\"name\" content=\"Christian Andersen\" \/><meta itemprop=\"url\" content=\"https:\/\/helsesikkerhetsdagen.no\/2023\/wp-content\/uploads\/sites\/2\/2023\/05\/VM-Ware.jpg\" \/><meta itemprop=\"width\" content=\"1920\" \/><meta itemprop=\"height\" content=\"1080\" \/><meta itemprop=\"interactionType\" content=\"https:\/\/schema.org\/CommentAction\" \/><meta itemprop=\"userInteractionCount\" content=\"0\" \/>\n    \t\t\t\t\t\t<a href='https:\/\/helsesikkerhetsdagen.no\/2023\/2023\/05\/19\/vmware\/' title='VMWare'><img width=\"1024\" height=\"576\" src=\"https:\/\/helsesikkerhetsdagen.no\/2023\/wp-content\/uploads\/sites\/2\/2023\/05\/VM-Ware-1024x576.jpg\" alt=\"\" decoding=\"async\" loading=\"lazy\" itemprop=\"image\" srcset=\"https:\/\/helsesikkerhetsdagen.no\/2023\/wp-content\/uploads\/sites\/2\/2023\/05\/VM-Ware-1024x576.jpg 1024w, https:\/\/helsesikkerhetsdagen.no\/2023\/wp-content\/uploads\/sites\/2\/2023\/05\/VM-Ware-300x169.jpg 300w, https:\/\/helsesikkerhetsdagen.no\/2023\/wp-content\/uploads\/sites\/2\/2023\/05\/VM-Ware-768x432.jpg 768w, https:\/\/helsesikkerhetsdagen.no\/2023\/wp-content\/uploads\/sites\/2\/2023\/05\/VM-Ware-1536x864.jpg 1536w, https:\/\/helsesikkerhetsdagen.no\/2023\/wp-content\/uploads\/sites\/2\/2023\/05\/VM-Ware.jpg 1920w\" sizes=\"auto, (max-width: 1024px) 100vw, 1024px\" \/><\/a>\n\n","protected":false},"excerpt":{"rendered":"<p>Sikring av data og systemer som skaper tillit Tid: 31. mai 2023\u00a0 \u00a0 |\u00a0 \u00a0 Sted: Quality Airport Hotel Gardermoen (Rakne-salen) Tusen takk for en fantastisk konferanse &#8211; Husk at alle sesjoner er tilgjengelig digitalt Opptak og presentasjoner finner du i Tappin, den digitale plattformen til konferansen: helsesikkerhetsdagen2023.tappin.live Hvis du har en digital eller fysisk&hellip;<\/p>\n","protected":false},"author":1,"featured_media":0,"parent":0,"menu_order":0,"comment_status":"closed","ping_status":"closed","template":"","meta":{"_acf_changed":false,"footnotes":""},"class_list":["post-260","page","type-page","status-publish","hentry"],"acf":[],"_links":{"self":[{"href":"https:\/\/helsesikkerhetsdagen.no\/2023\/wp-json\/wp\/v2\/pages\/260","targetHints":{"allow":["GET"]}}],"collection":[{"href":"https:\/\/helsesikkerhetsdagen.no\/2023\/wp-json\/wp\/v2\/pages"}],"about":[{"href":"https:\/\/helsesikkerhetsdagen.no\/2023\/wp-json\/wp\/v2\/types\/page"}],"author":[{"embeddable":true,"href":"https:\/\/helsesikkerhetsdagen.no\/2023\/wp-json\/wp\/v2\/users\/1"}],"replies":[{"embeddable":true,"href":"https:\/\/helsesikkerhetsdagen.no\/2023\/wp-json\/wp\/v2\/comments?post=260"}],"version-history":[{"count":25,"href":"https:\/\/helsesikkerhetsdagen.no\/2023\/wp-json\/wp\/v2\/pages\/260\/revisions"}],"predecessor-version":[{"id":526,"href":"https:\/\/helsesikkerhetsdagen.no\/2023\/wp-json\/wp\/v2\/pages\/260\/revisions\/526"}],"wp:attachment":[{"href":"https:\/\/helsesikkerhetsdagen.no\/2023\/wp-json\/wp\/v2\/media?parent=260"}],"curies":[{"name":"wp","href":"https:\/\/api.w.org\/{rel}","templated":true}]}}